{"id":2080,"date":"2020-01-21T09:58:43","date_gmt":"2020-01-21T09:58:43","guid":{"rendered":"http:\/\/www.globedental.eu\/new\/?page_id=2080"},"modified":"2021-07-15T13:53:40","modified_gmt":"2021-07-15T13:53:40","slug":"datenschutzerklarung","status":"publish","type":"page","link":"https:\/\/www.globedental.eu\/de\/datenschutzerklarung\/","title":{"rendered":"Datenschutzerkl\u00e4rung"},"content":{"rendered":"\t\t<div data-elementor-type=\"wp-page\" data-elementor-id=\"2080\" class=\"elementor elementor-2080\" data-elementor-post-type=\"page\">\n\t\t\t\t\t\t<section class=\"elementor-section elementor-top-section elementor-element elementor-element-17a6d831 elementor-section-boxed elementor-section-height-default elementor-section-height-default\" data-id=\"17a6d831\" data-element_type=\"section\" data-e-type=\"section\">\n\t\t\t\t\t\t<div class=\"elementor-container elementor-column-gap-default\">\n\t\t\t\t\t<div class=\"elementor-column elementor-col-100 elementor-top-column elementor-element elementor-element-5bb9fcc5\" data-id=\"5bb9fcc5\" data-element_type=\"column\" data-e-type=\"column\">\n\t\t\t<div class=\"elementor-widget-wrap elementor-element-populated\">\n\t\t\t\t\t\t<div class=\"elementor-element elementor-element-46342bdd elementor-widget elementor-widget-heading\" data-id=\"46342bdd\" data-element_type=\"widget\" data-e-type=\"widget\" data-widget_type=\"heading.default\">\n\t\t\t\t<div class=\"elementor-widget-container\">\n\t\t\t\t\t<h2 class=\"elementor-heading-title elementor-size-default\">DATENSCHUTZERKL\u00c4RUNG<\/h2>\t\t\t\t<\/div>\n\t\t\t\t<\/div>\n\t\t\t\t\t<\/div>\n\t\t<\/div>\n\t\t\t\t\t<\/div>\n\t\t<\/section>\n\t\t\t\t<section class=\"elementor-section elementor-top-section elementor-element elementor-element-2c0a4f1e elementor-section-boxed elementor-section-height-default elementor-section-height-default\" data-id=\"2c0a4f1e\" data-element_type=\"section\" data-e-type=\"section\">\n\t\t\t\t\t\t<div class=\"elementor-container elementor-column-gap-default\">\n\t\t\t\t\t<div class=\"elementor-column elementor-col-100 elementor-top-column elementor-element elementor-element-379100d3\" data-id=\"379100d3\" data-element_type=\"column\" data-e-type=\"column\">\n\t\t\t<div class=\"elementor-widget-wrap elementor-element-populated\">\n\t\t\t\t\t\t<div class=\"elementor-element elementor-element-61ba2a59 elementor-widget elementor-widget-text-editor\" data-id=\"61ba2a59\" data-element_type=\"widget\" data-e-type=\"widget\" data-widget_type=\"text-editor.default\">\n\t\t\t\t<div class=\"elementor-widget-container\">\n\t\t\t\t\t\t\t\t\t<ol><li>ALLGEMEINE BESTIMMUNGEN<\/li><\/ol>\t\t\t\t\t\t\t\t<\/div>\n\t\t\t\t<\/div>\n\t\t\t\t<div class=\"elementor-element elementor-element-18015ab3 elementor-widget elementor-widget-text-editor\" data-id=\"18015ab3\" data-element_type=\"widget\" data-e-type=\"widget\" data-widget_type=\"text-editor.default\">\n\t\t\t\t<div class=\"elementor-widget-container\">\n\t\t\t\t\t\t\t\t\t<p>Zweck und Geltungsbereich der Datenschutzerkl\u00e4rung<\/p>\t\t\t\t\t\t\t\t<\/div>\n\t\t\t\t<\/div>\n\t\t\t\t<div class=\"elementor-element elementor-element-86045cf elementor-widget elementor-widget-text-editor\" data-id=\"86045cf\" data-element_type=\"widget\" data-e-type=\"widget\" data-widget_type=\"text-editor.default\">\n\t\t\t\t<div class=\"elementor-widget-container\">\n\t\t\t\t\t\t\t\t\t<p>Der Zweck dieser Datenschutzerkl\u00e4rung besteht darin, die gesetzliche Ordnung der Funktionsweise der beim eine zahn\u00e4rztliche Versorgung gew\u00e4hrleistende Gesundheitsdienstleister gef\u00fchrten Verzeichnisse festzulegen, sowie die Verfassungsprinzipien des Datenschutzes und die Anforderungen der Datensicherheit durchzusetzen, und jeden unberechtigten Zugriff, jede \u00c4nderung und jede unbefugte Offenlegung der Daten zu verhindern. <\/p>\t\t\t\t\t\t\t\t<\/div>\n\t\t\t\t<\/div>\n\t\t\t\t<div class=\"elementor-element elementor-element-6e88025d elementor-widget elementor-widget-text-editor\" data-id=\"6e88025d\" data-element_type=\"widget\" data-e-type=\"widget\" data-widget_type=\"text-editor.default\">\n\t\t\t\t<div class=\"elementor-widget-container\">\n\t\t\t\t\t\t\t\t\t<p>Der pers\u00f6nliche und sachliche Geltungsbereich der Datenschutzerkl\u00e4rung umfasst Folgendes:<\/p><ul><li>den Gesundheitsdienstleister<\/li><li>die f\u00fcr die berufliche Aufsicht und Pr\u00fcfung zust\u00e4ndigen Stellen und nat\u00fcrliche Personen, und sonstige, f\u00fcr die Verarbeitung verantwortlichen Stellen, die personen- und gesundheitsbezogene Daten verarbeiten,<\/li><li>s\u00e4mtliche nat\u00fcrliche Personen, die mit dem Gesundheitsdienstleister sowie sonstigen, f\u00fcr die Verarbeitung verantwortlichen Stellen in Kontakt gelangten oder gelangen werden, bzw. die die Dienstleistungen dieser Stellen in Anspruch nehmen (nachfolgend: Patient),<\/li><li>s\u00e4mtliche gesundheitsbezogenen und Personenidentifizierungsdaten der Betroffenen, die gem\u00e4\u00df den Bestimmungen des Gesetzes Nr. XLVII\/1997 \u00fcber den Verarbeitung und Schutz der gesundheitsbezogenen und damit verbundenen personenbezogenen Daten (nachfolgend: E\u00fcatv.) verarbeitet werden,<\/li><li>externer Dienstleister, die mit der Datenverarbeitung in Kontakt gelangten oder in Kontakt gelangen werden.<\/li><\/ul>\t\t\t\t\t\t\t\t<\/div>\n\t\t\t\t<\/div>\n\t\t\t\t<div class=\"elementor-element elementor-element-73d989e9 elementor-widget elementor-widget-text-editor\" data-id=\"73d989e9\" data-element_type=\"widget\" data-e-type=\"widget\" data-widget_type=\"text-editor.default\">\n\t\t\t\t<div class=\"elementor-widget-container\">\n\t\t\t\t\t\t\t\t\t<p>Begriffsbestimmungen<\/p>\t\t\t\t\t\t\t\t<\/div>\n\t\t\t\t<\/div>\n\t\t\t\t<div class=\"elementor-element elementor-element-3883f5ff elementor-widget elementor-widget-text-editor\" data-id=\"3883f5ff\" data-element_type=\"widget\" data-e-type=\"widget\" data-widget_type=\"text-editor.default\">\n\t\t\t\t<div class=\"elementor-widget-container\">\n\t\t\t\t\t\t\t\t\t<p><strong>Betroffene Person<\/strong>: jede nat\u00fcrliche Person, die mit der f\u00fcr die Verarbeitung verantwortlichen Stelle in Kontakt gelangte oder gelangen wird, bzw. die die Dienstleistungen dieser Stelle in Anspruch nimmt,<\/p><p><strong>Datenverarbeitung<\/strong>: unabh\u00e4ngig vom angewandten Verfahren jeder im Zusammenhang mit personenbezogenen Daten ausgef\u00fchrte Vorgang oder die Gesamtheit dieser Vorg\u00e4nge, wie das Erheben, die Aufzeichnung, das Erfassen, die Organisation, die Speicherung, die Ver\u00e4nderung, die Verwendung, die \u00dcbermittlung, die Offenlegung, der Abgleich oder die Verkn\u00fcpfung, Sperrung, das L\u00f6schen, die Vernichtung sowie die Verhinderung der weiteren Verarbeitung.<\/p><p><strong>Datenverarbeitung<\/strong>: Umsetzung der technischen Ma\u00dfnahmen in Verbindung mit den Datenverarbeitungsvorg\u00e4ngen, unabh\u00e4ngig von den Methoden und Mitteln der Durchf\u00fchrung sowie dem Ort der Anwendung.<\/p><p><strong>Daten\u00fcbermittlung<\/strong>: wenn die Daten f\u00fcr bestimmte Drittpersonen zug\u00e4nglich gemacht werden.<\/p><p><strong>Datentr\u00e4ger<\/strong>: jedes Material oder Mittel, das sich zur Aufzeichnung, Speicherung der Daten eignet und<\/p><p><strong>Auftragsverarbeiter<\/strong>: Mitarbeiter, die die Daten von betroffenen Personen verarbeiten. Sie k\u00f6nnen personenbezogene Daten ausschlie\u00dflich zur rechtm\u00e4\u00dfigen Erf\u00fcllung einer bestimmten Aufgabe verwenden, und ihre Geheimhaltungspflicht besteht auch nach Beendigung dieser T\u00e4tigkeit.<\/p><p><strong>Drittperson<\/strong>: die nat\u00fcrliche oder Rechtsperson, bzw. Organisation ohne Rechtspers\u00f6nlichkeit, die mit der betroffenen Person, dem f\u00fcr die Verarbeitung Verantwortlichen oder dem Auftragsverarbeiter nicht identisch ist.<\/p><p><strong>Arztgeheimnis<\/strong>: die w\u00e4hrend der Behandlung dem f\u00fcr die Verarbeitung Verantwortlichen zur Kenntnis gelangten gesundheitsbezogenen und Personenidentifizierungsdaten, und sonstige Daten in Verbindung mit der erforderlichen oder laufenden, bzw. abgeschlossenen Heilbehandlung, sowie sonstige Daten, die ihm in Verbindung mit der Behandlung zur Kenntnis gelangten.<\/p><p><strong>Patientenakte<\/strong>: Aufzeichnung, Verzeichnis oder auf jede andere Weise aufgezeichnete Daten, unabh\u00e4ngig von ihrem Datentr\u00e4ger oder ihrer Form, mit gesundheitsbezogenen und Personenidentifizierungsdaten, die der Behandlungsperson w\u00e4hrend der Behandlung zur Kenntnis gelangten.<\/p><p><strong>Nahe Angeh\u00f6rige<\/strong>: der Ehegatte, die Verwandten in gerader Linie, die Adoptiv-, Stief- und Pflegekinder, die Adoptiv-, Stief- und Pflegeeltern sowie die Geschwister und der Lebenspartner.<\/p><p><strong>Gesundheitspersonal<\/strong>: der Zahnarzt, die sonstige Person mit einem h\u00f6heren medizinischen Berufsabschluss, die Person mit medizinischem Berufsabschluss, und die Person ohne medizinischen Berufsabschluss, die an der Gesundheitsleistung mitwirkt.<\/p><p><strong>Behandlungsperson<\/strong>: der behandelnde Arzt, die medizinische Fachkraft, die Person, die die T\u00e4tigkeit in Verbindung mit der Behandlung der betroffenen Person durchf\u00fchrt, der Apotheker.<\/p>\t\t\t\t\t\t\t\t<\/div>\n\t\t\t\t<\/div>\n\t\t\t\t<div class=\"elementor-element elementor-element-64fedcc0 elementor-widget elementor-widget-text-editor\" data-id=\"64fedcc0\" data-element_type=\"widget\" data-e-type=\"widget\" data-widget_type=\"text-editor.default\">\n\t\t\t\t<div class=\"elementor-widget-container\">\n\t\t\t\t\t\t\t\t\t<p>2. RECHTE DER BETROFFENEN PERSON, GELTENDMACHUNG DER RECHTE<\/p>\t\t\t\t\t\t\t\t<\/div>\n\t\t\t\t<\/div>\n\t\t\t\t<div class=\"elementor-element elementor-element-50f7ccf5 elementor-widget elementor-widget-text-editor\" data-id=\"50f7ccf5\" data-element_type=\"widget\" data-e-type=\"widget\" data-widget_type=\"text-editor.default\">\n\t\t\t\t<div class=\"elementor-widget-container\">\n\t\t\t\t\t\t\t\t\t<p>Die betroffene Person ist berechtigt \u2013 unter anderem aber nicht ausschlie\u00dflich \u2013<\/p><ul><li>Auskunft \u00fcber die Verarbeitung ihrer personenbezogenen Daten zu verlangen,<\/li><li>die Berichtigung, bzw. \u2013 mit Ausnahme der gesetzlich vorgesehenen F\u00e4lle der Datenverarbeitung \u2013 die L\u00f6schung ihrer Daten zu verlangen<\/li><li>gegen die Verarbeitung ihrer personenbezogenen Daten Widerspruch einzulegen,<\/li><li>im Fall der Verletzung ihrer Rechte vor Gericht zu ziehen.<\/li><\/ul>\t\t\t\t\t\t\t\t<\/div>\n\t\t\t\t<\/div>\n\t\t\t\t<div class=\"elementor-element elementor-element-1e8e5df6 elementor-widget elementor-widget-text-editor\" data-id=\"1e8e5df6\" data-element_type=\"widget\" data-e-type=\"widget\" data-widget_type=\"text-editor.default\">\n\t\t\t\t<div class=\"elementor-widget-container\">\n\t\t\t\t\t\t\t\t\t<p>Auf Antrag der betroffenen Person erteilt der f\u00fcr die Verarbeitung Verantwortliche Auskunft \u00fcber die von ihm verarbeiteten Daten, deren Zweck, Rechtsgrundlage und Dauer sowie dar\u00fcber, wer und zu welchem Zweck die Daten erh\u00e4lt.<\/p><p>Der f\u00fcr die Verarbeitung Verantwortliche stellt die Informationen innerhalb einer angemessenen Frist, in jedem Fall aber innerhalb von 30 Tagen nach Eingang des Antrags schriftlich und in verst\u00e4ndlicher Form zur Verf\u00fcgung.<\/p><p>Der f\u00fcr die Verarbeitung Verantwortliche stellt auf Antrag der betroffenen Person die Informationen innerhalb einer angemessenen Frist, in jedem Fall aber innerhalb von 25 Tagen nach Eingang des Antrags schriftlich und in verst\u00e4ndlicher Form zur Verf\u00fcgung.<\/p><p>Die Auskunft ist kostenlos, wenn der Antragsteller noch keine Informationsanfrage f\u00fcr denselben Datensatz in dem laufenden Jahr bei dem f\u00fcr die Verarbeitung Verantwortlichen gestellt hat. In anderen F\u00e4llen legt der f\u00fcr die Verarbeitung Verantwortliche eine Kostenerstattung fest.<\/p>\t\t\t\t\t\t\t\t<\/div>\n\t\t\t\t<\/div>\n\t\t\t\t<div class=\"elementor-element elementor-element-471bf58f elementor-widget elementor-widget-text-editor\" data-id=\"471bf58f\" data-element_type=\"widget\" data-e-type=\"widget\" data-widget_type=\"text-editor.default\">\n\t\t\t\t<div class=\"elementor-widget-container\">\n\t\t\t\t\t\t\t\t\t<p>Der f\u00fcr die Verarbeitung Verantwortliche l\u00f6scht die personenbezogenen Daten, wenn:<\/p>\t\t\t\t\t\t\t\t<\/div>\n\t\t\t\t<\/div>\n\t\t\t\t<div class=\"elementor-element elementor-element-53f7a28 elementor-widget elementor-widget-text-editor\" data-id=\"53f7a28\" data-element_type=\"widget\" data-e-type=\"widget\" data-widget_type=\"text-editor.default\">\n\t\t\t\t<div class=\"elementor-widget-container\">\n\t\t\t\t\t\t\t\t\t<ul><li>deren Verarbeitung rechtswidrig ist;<\/li><li>dies von der betroffenen Person verlangt wird,<\/li><li>sie unvollst\u00e4ndig oder falsch sind \u2013 und dieser Zustand rechtm\u00e4\u00dfig nicht mehr wiederhergestellt werden kann \u2013 vorausgenommen, dass die L\u00f6schung Kraft Gesetzes nicht ausgeschlossen wird;<\/li><li>der Zweck der Verarbeitung entf\u00e4llt, oder wenn die gesetzliche Frist f\u00fcr die Datenspeicherung abgelaufen ist;<\/li><li>dies gerichtlich oder beh\u00f6rdlich angeordnet wurde.<\/li><\/ul>\t\t\t\t\t\t\t\t<\/div>\n\t\t\t\t<\/div>\n\t\t\t\t<div class=\"elementor-element elementor-element-531180e3 elementor-widget elementor-widget-text-editor\" data-id=\"531180e3\" data-element_type=\"widget\" data-e-type=\"widget\" data-widget_type=\"text-editor.default\">\n\t\t\t\t<div class=\"elementor-widget-container\">\n\t\t\t\t\t\t\t\t\t<p>Der f\u00fcr die Verarbeitung Verantwortliche informiert die betroffene Person und diejenigen, denen die Daten fr\u00fcher zum Zwecke der Datenverarbeitung \u00fcbermittelt wurden, \u00fcber Berichtigung, Sperrung, Markierung und L\u00f6schung. Auf die Benachrichtigung kann verzichtet werden, wenn dadurch das berechtigte Interesse der betroffenen Person mit R\u00fccksicht auf den Zweck der Datenverarbeitung nicht beeintr\u00e4chtigt wird.<\/p><p>Gibt der f\u00fcr die Verarbeitung Verantwortliche dem Antrag auf Berichtigung, Sperrung oder L\u00f6schung der betroffenen Person nicht statt, teilt er die tats\u00e4chlichen und rechtlichen Gr\u00fcnde der Ablehnung des Antrags binnen 30 Tage nach Erhalt des Antrags schriftlich oder mit Zustimmung der betroffenen Person auf elektronischem Wege mit. Bei der Ablehnung des Antrags auf Berichtigung, L\u00f6schung oder Sperrung unterrichtet der f\u00fcr die Verarbeitung Verantwortliche die betroffene Person \u00fcber die M\u00f6glichkeit eines Rechtsbehelfs bei Gericht oder eines beh\u00f6rdlichen Rechtsschutzes.<\/p>\t\t\t\t\t\t\t\t<\/div>\n\t\t\t\t<\/div>\n\t\t\t\t<div class=\"elementor-element elementor-element-4edadbcb elementor-widget elementor-widget-text-editor\" data-id=\"4edadbcb\" data-element_type=\"widget\" data-e-type=\"widget\" data-widget_type=\"text-editor.default\">\n\t\t\t\t<div class=\"elementor-widget-container\">\n\t\t\t\t\t\t\t\t\t<p>Widerspruch gegen die Verarbeitung personenbezogener Daten<\/p>\t\t\t\t\t\t\t\t<\/div>\n\t\t\t\t<\/div>\n\t\t\t\t<div class=\"elementor-element elementor-element-5afa9c41 elementor-widget elementor-widget-text-editor\" data-id=\"5afa9c41\" data-element_type=\"widget\" data-e-type=\"widget\" data-widget_type=\"text-editor.default\">\n\t\t\t\t<div class=\"elementor-widget-container\">\n\t\t\t\t\t\t\t\t\t<p>Der Betroffene kann gegen die Verarbeitung seiner personenbezogenen Daten Widerspruch einlegen,<\/p><ul><li>wenn die Verarbeitung oder \u00dcbermittlung von personenbezogenen Daten ausschlie\u00dflich zur Geltendmachung eines Rechts oder eines berechtigten Interesse des f\u00fcr die Verarbeitung Verantwortlichen, des Datenimporteurs oder einer Drittperson notwendig ist, mit Ausnahme von verbindlichen Datenverarbeitungen<\/li><li>wenn die Nutzung oder \u00dcbermittlung von personenbezogenen Daten zum Zwecke der Direktwerbung, der Meinungsumfrage oder der wissenschaftlichen Forschung erfolgt; sowie<\/li><li>in anderen gesetzlich festgelegten F\u00e4llen.<\/li><\/ul>\t\t\t\t\t\t\t\t<\/div>\n\t\t\t\t<\/div>\n\t\t\t\t<div class=\"elementor-element elementor-element-7ab5aed0 elementor-widget elementor-widget-text-editor\" data-id=\"7ab5aed0\" data-element_type=\"widget\" data-e-type=\"widget\" data-widget_type=\"text-editor.default\">\n\t\t\t\t<div class=\"elementor-widget-container\">\n\t\t\t\t\t\t\t\t\t<p>Der f\u00fcr die Verarbeitung Verantwortliche hat den Widerspruch in k\u00fcrzester Zeit, in jedem Fall aber innerhalb von 25 Tagen nach Eingang des Antrags zu pr\u00fcfen, \u00fcber seine Begr\u00fcndetheit zu entscheiden und den Antragsteller \u00fcber diese Entscheidung schriftlich zu informieren.<\/p><p>Ist der Widerspruch begr\u00fcndet, hat der f\u00fcr die Verarbeitung Verantwortliche die Datenverarbeitung \u2013 einschlie\u00dflich der weiteren Datenerhebung und Daten\u00fcbermittlung \u2013 einzustellen, und die Daten sperren, sowie vom Widerspruch, bzw. von den aufgrund des Widerspruchs ergriffenen Ma\u00dfnahmen all die zu unterrichten, denen er die vom Widerspruch betroffenen personenbezogenen Daten vorher \u00fcbermittelt hatte und die f\u00fcr die Geltendmachung des Widerspruchsrechts Sorge tragen m\u00fcssen.<\/p><p>Ist die betroffene Person mit der Entscheidung des f\u00fcr die Verarbeitung Verantwortlichen nicht einverstanden, bzw. l\u00e4sst der f\u00fcr die Verarbeitung Verantwortliche die obengenannte Frist verstreichen, kann sie sich gegen die Entscheidung \u2013 innerhalb von 30 Tagen nach deren Mitteilung, bzw. nach dem letzten Tag der Frist \u2013 gerichtlich wehren.<\/p><p>Legt die betroffene Person gegen die Verarbeitung ihrer personenbezogenen Daten Widerspruch ein oder wehrt sie sich gerichtlich dagegen, oder im Falle eines Ersuchens um Offenlegung von Drittpersonen, welches nicht auf der Einwilligung der betroffenen Person beruht, k\u00f6nnen die Daten im zur Beurteilung der Rechtsm\u00e4\u00dfigkeit notwendigen Kreise an die durch den f\u00fcr die Verarbeitung Verantwortlichen beauftragten Rechtsvertreter ausgegeben werden.<\/p>\t\t\t\t\t\t\t\t<\/div>\n\t\t\t\t<\/div>\n\t\t\t\t<div class=\"elementor-element elementor-element-6238fef3 elementor-widget elementor-widget-text-editor\" data-id=\"6238fef3\" data-element_type=\"widget\" data-e-type=\"widget\" data-widget_type=\"text-editor.default\">\n\t\t\t\t<div class=\"elementor-widget-container\">\n\t\t\t\t\t\t\t\t\t<p>3. DATENVERARBEITUNG ZU ZWECKEN DER ZAHN\u00c4RZTLICHEN VERSORGUNG<\/p>\t\t\t\t\t\t\t\t<\/div>\n\t\t\t\t<\/div>\n\t\t\t\t<div class=\"elementor-element elementor-element-1b61ad79 elementor-widget elementor-widget-text-editor\" data-id=\"1b61ad79\" data-element_type=\"widget\" data-e-type=\"widget\" data-widget_type=\"text-editor.default\">\n\t\t\t\t<div class=\"elementor-widget-container\">\n\t\t\t\t\t\t\t\t\t<p>Die Aufzeichnung gesundheitsbezogener Daten ist ein Teil der zahn\u00e4rztlichen Versorgung. Die Lieferung von gesundheitsbezogenen und Personenidentifizierungsdaten durch die behandelte Person (seinen gesetzlichen Vertreter), die Bereitstellung der zur Inanspruchnahme der gesundheitlichen Versorgung verbindlich vorgeschriebenen Personenidentifizierungsdaten ist freiwillig. Wendet sich die behandelte Person an den Dienstleister freiwillig, ist ihre Zustimmung zur Verarbeitung ihrer gesundheitsbezogenen und Personenidentifizierungsdaten in Verbindung mit der Versorgung \u2013 falls keine gegenteilige Erkl\u00e4rung vorliegt \u2013 als erteilt zu betrachten.<\/p>\t\t\t\t\t\t\t\t<\/div>\n\t\t\t\t<\/div>\n\t\t\t\t<div class=\"elementor-element elementor-element-51509c94 elementor-widget elementor-widget-text-editor\" data-id=\"51509c94\" data-element_type=\"widget\" data-e-type=\"widget\" data-widget_type=\"text-editor.default\">\n\t\t\t\t<div class=\"elementor-widget-container\">\n\t\t\t\t\t\t\t\t\t<p>Schutz des Arztgeheimnisses<\/p>\t\t\t\t\t\t\t\t<\/div>\n\t\t\t\t<\/div>\n\t\t\t\t<div class=\"elementor-element elementor-element-44899582 elementor-widget elementor-widget-text-editor\" data-id=\"44899582\" data-element_type=\"widget\" data-e-type=\"widget\" data-widget_type=\"text-editor.default\">\n\t\t\t\t<div class=\"elementor-widget-container\">\n\t\t\t\t\t\t\t\t\t<p>Die Behandlungsperson sowie jede andere Person, die bei dem Dienstleister angestellt ist, ist hinsichtlich der Daten \u00fcber den gesundheitlichen Zustand des Patienten sowie sonstiger Daten \u00fcber die Aus\u00fcbung der T\u00e4tigkeit ohne zeitliche Beschr\u00e4nkung zur Geheimhaltung verpflichtet. Die Geheimhaltungspflicht besteht unabh\u00e4ngig davon, wie die Daten erlangt wurden.<\/p><p>Die Behandlungsperson ist auch der Behandlungsperson gegen\u00fcber zur Geheimhaltung verpflichtet, die an der Behandlung des Patienten nicht mitwirkte, ausgenommen, wenn dies im Interesse der weiteren Behandlung der behandelten Person notwendig ist.<\/p><p>Der Patient, bzw. eine gesetzliche Datenbereitstellungspflicht kann eine schriftliche Befreiung von der Geheimhaltungspflicht erteilen, bzw. begr\u00fcnden.<\/p><p>Zum Schutz des Arztgeheimnisses ist es erforderlich, dass sich jeder Mitarbeiter des Dienstleisters zur Wahrung des Arztgeheimnisses verpflichtet. Diese Verpflichtung muss in die Stellenbeschreibung des Mitarbeiters aufgenommen, bzw. dieser beigef\u00fcgt werden.<\/p><p><strong>Auskunftsrecht, Informationsrecht und -pflicht, das Recht des Patienten auf Information<\/strong><\/p><p>Vor dem Beginn der Patientenversorgung muss der Patient \u00fcber die Datenschutzordnung des Dienstleisters informiert werden. Die Erteilung der Information wird vom Patienten durch seine Unterschrift best\u00e4tigt. Der unterzeichnete Informationsblatt ist der Patientenakte beizuf\u00fcgen. Auch die eventuelle Begrenzungsklausel des Patienten ist der Patientenakte beizuf\u00fcgen.<\/p><p><strong>Auskunftsrecht \u00fcber die Patientenakte<\/strong><\/p><p>Der Patient (sein gesetzlicher Vertreter) ist berechtigt, Auskunft \u00fcber die Personenidentifizierungs- und gesundheitsbezogenen Daten zu erhalten und Einsicht in die Patientenakte zu verlangen.<\/p><p>In der zahn\u00e4rztlichen Versorgung erh\u00e4lt der Patient Auskunft \u00fcber den Abschluss des jeweiligen Behandlungsprozesses, welcher von ihm anerkannt wird. F\u00fcr den Prozess der definitiven Versorgung ist der Zahnarzt verantwortlich. Der Zahnarzt h\u00e4lt die Tatsache des Abbruchs oder der \u00c4nderung des Behandlungsprozesses in der Patientenakte fest.<\/p>\t\t\t\t\t\t\t\t<\/div>\n\t\t\t\t<\/div>\n\t\t\t\t<div class=\"elementor-element elementor-element-46fd2a20 elementor-widget elementor-widget-text-editor\" data-id=\"46fd2a20\" data-element_type=\"widget\" data-e-type=\"widget\" data-widget_type=\"text-editor.default\">\n\t\t\t\t<div class=\"elementor-widget-container\">\n\t\t\t\t\t\t\t\t\t<p>REGISTRIERUNG DER GESUNDHEITSBEZOGENEN UND PERSONENIDENTIFIZIERUNGSDATEN<\/p>\t\t\t\t\t\t\t\t<\/div>\n\t\t\t\t<\/div>\n\t\t\t\t<div class=\"elementor-element elementor-element-2108214c elementor-widget elementor-widget-text-editor\" data-id=\"2108214c\" data-element_type=\"widget\" data-e-type=\"widget\" data-widget_type=\"text-editor.default\">\n\t\t\t\t<div class=\"elementor-widget-container\">\n\t\t\t\t\t\t\t\t\t<p>Die \u00fcber de Patienten erhobenen und im Interesse der Behandlung erforderlichen gesundheitsbezogenen und Personenidentifizierungsdaten sowie deren \u00dcbermittlung m\u00fcssen aufgezeichnet werden. Zur Aufzeichnung kann jeder Datentr\u00e4ger dienen, der den Schutz der Daten vor einer vors\u00e4tzlichen Vernichtung, Zerst\u00f6rung, \u00c4nderung, Besch\u00e4digung, Offenlegung gew\u00e4hrleistet, sowie dass unbefugte Personen keinen Zugang dazu haben k\u00f6nnen.<\/p>\t\t\t\t\t\t\t\t<\/div>\n\t\t\t\t<\/div>\n\t\t\t\t<div class=\"elementor-element elementor-element-431b2b9a elementor-widget elementor-widget-text-editor\" data-id=\"431b2b9a\" data-element_type=\"widget\" data-e-type=\"widget\" data-widget_type=\"text-editor.default\">\n\t\t\t\t<div class=\"elementor-widget-container\">\n\t\t\t\t\t\t\t\t\t<p>Die eigenen Aufzeichnungen der Behandlungsperson bilden den Teil des Verzeichnisses.<\/p><p><strong>Die Ordnung der Lagerung und Archivierung von Patientenakten<\/strong><\/p><p>Die Daten in Verbindung mit der Untersuchung und der Behandlung des Patienten werden von der Patientenakte beinhaltet. Die Patientenakte ist in der Weise zu f\u00fchren, dass sie den Behandlungsprozess wahrheitsgem\u00e4\u00df wiedergeben kann.<\/p><p>In der Patientenakte ist Folgendes anzuf\u00fchren<\/p><ul><li>die Personenidentifizierungsdaten des Patienten,<\/li><li>die Anamnese, die Krankengeschichte,<\/li><li>das Ergebnis der ersten Untersuchung,<\/li><li>die Untersuchungsergebnisse, die der Diagnose und dem Behandlungsplan zugrunde liegen, die Zeitpunkte der Untersuchungen<\/li><li>die Anf\u00fchrung von sonstigen Krankheiten,<\/li><li>die die Behandlung nicht unmittelbar begr\u00fcnden, bzw. von Risikofaktoren,<\/li><li>die Zeitpunkte der durchgef\u00fchrten Eingriffe und deren Ergebnisse,<\/li><li>die Daten \u00fcber die Medikamenten\u00fcberempfindlichkeit des Patienten, der Name der medizinischen Fachkraft, der die Eintragung vornimmt, und der Zeitpunkt der Eintragung,<\/li><li>die Tatsache der Einwilligung, bzw. der Ablehnung der Behandlung, sowie deren Zeitpunkt,<\/li><li>jede weitere Angabe oder Tatsache, die Einfluss auf die Genesung des Patienten haben k\u00f6nnte.<\/li><\/ul>\t\t\t\t\t\t\t\t<\/div>\n\t\t\t\t<\/div>\n\t\t\t\t<div class=\"elementor-element elementor-element-4d2c8acf elementor-widget elementor-widget-text-editor\" data-id=\"4d2c8acf\" data-element_type=\"widget\" data-e-type=\"widget\" data-widget_type=\"text-editor.default\">\n\t\t\t\t<div class=\"elementor-widget-container\">\n\t\t\t\t\t\t\t\t\t<p>Bei der Patientenakte ist besonders darauf zu achten, dass sie detailliert, fachgem\u00e4\u00df, lesbar und zur\u00fcckverfolgbar sein soll.<\/p><p>Im Sinne vom \u00a7 30. Punkt 1. des Gesetzes Nr. XLVII\/1997 \u00fcber die Verarbeitung und den Schutz gesundheits- und personenbezogener Daten betr\u00e4gt die Aufbewahrungsfrist der Patientenakte mindestens 30 Jahre (bei Abschlussberichten 50 Jahre, bei Aufnahmen der bildgebenden Diagnostik 10 Jahre) ab Datenerhebung.<\/p>\t\t\t\t\t\t\t\t<\/div>\n\t\t\t\t<\/div>\n\t\t\t\t<div class=\"elementor-element elementor-element-254718d5 elementor-widget elementor-widget-text-editor\" data-id=\"254718d5\" data-element_type=\"widget\" data-e-type=\"widget\" data-widget_type=\"text-editor.default\">\n\t\t\t\t<div class=\"elementor-widget-container\">\n\t\t\t\t\t\t\t\t\t<p>5. DER DATENSCHUTZ<\/p>\t\t\t\t\t\t\t\t<\/div>\n\t\t\t\t<\/div>\n\t\t\t\t<div class=\"elementor-element elementor-element-1f27fcfc elementor-widget elementor-widget-text-editor\" data-id=\"1f27fcfc\" data-element_type=\"widget\" data-e-type=\"widget\" data-widget_type=\"text-editor.default\">\n\t\t\t\t<div class=\"elementor-widget-container\">\n\t\t\t\t\t\t\t\t\t<p>Die Regelung der datenschutzrechtlichen Schulung<\/p>\t\t\t\t\t\t\t\t<\/div>\n\t\t\t\t<\/div>\n\t\t\t\t<div class=\"elementor-element elementor-element-1bb7752f elementor-widget elementor-widget-text-editor\" data-id=\"1bb7752f\" data-element_type=\"widget\" data-e-type=\"widget\" data-widget_type=\"text-editor.default\">\n\t\t\t\t<div class=\"elementor-widget-container\">\n\t\t\t\t\t\t\t\t\t<p>F\u00fcr die j\u00e4hrliche Schulung im Bereich Datenverarbeitung und Datenschutz der Mitarbeiter des Dienstleisters ist der leitende Repr\u00e4sentant verantwortlich. Die Vorbereitung der neuen Mitarbeiter auf die datenschutzrechtliche Schulung wird vom leitenden Repr\u00e4sentanten durchgef\u00fchrt und er dokumentiert die Schulung.<\/p>\t\t\t\t\t\t\t\t<\/div>\n\t\t\t\t<\/div>\n\t\t\t\t<div class=\"elementor-element elementor-element-4d03518e elementor-widget elementor-widget-text-editor\" data-id=\"4d03518e\" data-element_type=\"widget\" data-e-type=\"widget\" data-widget_type=\"text-editor.default\">\n\t\t\t\t<div class=\"elementor-widget-container\">\n\t\t\t\t\t\t\t\t\t<p><strong>Datensicherheit, Datenschutz<\/strong><\/p><p>Der f\u00fcr die Verarbeitung Verantwortliche, bzw. in seinem T\u00e4tigkeitsbereich der Auftragsverarbeiter ist verpflichtet, f\u00fcr den Schutz der Daten zu sorgen und die technischen und organisatorischen Ma\u00dfnahmen zu unternehmen, und die Verfahrensvorschriften festzulegen, die zur Geltendmachung des Datenschutzgesetzes sowie sonstiger Regeln im Bereich Daten- und Geheimschutzregelung erforderlich sind.<\/p><p>Die Daten sind vor unbefugtem Zugriff, Ver\u00e4nderung, \u00dcbermittlung, Offenlegung, L\u00f6schung oder Vernichtung, sowie zuf\u00e4lliger Zerst\u00f6rung und Sch\u00e4digung zu sch\u00fctzen. Der f\u00fcr die Verarbeitung Verantwortliche, der Auftragsverarbeiter, bzw. der Betreiber von Kommunikations- und IT-Tools haben im Interesse des technischen Schutzes personenbezogener Daten spezifische Schutzma\u00dfnahmen zu treffen, wenn die \u00dcbermittlung der personenbezogenen Daten durch ein Netzwerk oder mittels eines IT-Tools erfolgt.<\/p><p>Jede Person, die im Bereich Datenverarbeitung t\u00e4tig ist, ist verpflichtet, mit gr\u00f6\u00dfter Sorgfalt im Interesse der Glaubw\u00fcrdigkeit, der Speicherung der Daten und der Verhinderung eines unbefugten Zugriffs zu handeln.<\/p><p>W\u00e4hrend der Speicherung und \u00dcbermittlung der Daten m\u00fcssen die allgemeinen Vorschriften im Bereich Unfallschutz\/Brandschutz befolgt werden.<\/p>\t\t\t\t\t\t\t\t<\/div>\n\t\t\t\t<\/div>\n\t\t\t\t<div class=\"elementor-element elementor-element-5c7d854a elementor-widget elementor-widget-text-editor\" data-id=\"5c7d854a\" data-element_type=\"widget\" data-e-type=\"widget\" data-widget_type=\"text-editor.default\">\n\t\t\t\t<div class=\"elementor-widget-container\">\n\t\t\t\t\t\t\t\t\t<p>6. DIE DAUER DER DATENVERARBEITUNG:<\/p>\t\t\t\t\t\t\t\t<\/div>\n\t\t\t\t<\/div>\n\t\t\t\t<div class=\"elementor-element elementor-element-358f343d elementor-widget elementor-widget-text-editor\" data-id=\"358f343d\" data-element_type=\"widget\" data-e-type=\"widget\" data-widget_type=\"text-editor.default\">\n\t\t\t\t<div class=\"elementor-widget-container\">\n\t\t\t\t\t\t\t\t\t<p>Die angegebenen Daten werden vom f\u00fcr die Verarbeitung Verantwortlichen gem\u00e4\u00df dem Grundsatz der Zweckbeschr\u00e4nkung f\u00fcr unbestimmte Zeit oder bis zum Widerruf der Einwilligung durch die betroffene Person verarbeitet<br \/><br \/>Verarbeitungszweck<br \/>Dauer<br \/>(gerechnet ab dem letzten Besuch des Kunden)<br \/>Identifizierung<br \/>Bis zur L\u00f6schung durch den f\u00fcr die Verarbeitung Verantwortlichen<br \/>Kontaktaufnahme<br \/>Bis zur L\u00f6schung durch den f\u00fcr die Verarbeitung Verantwortlichen<br \/>Medizinische Behandlung<br \/>Bis zur L\u00f6schung durch den f\u00fcr die Verarbeitung Verantwortlichen<\/p><p>Der f\u00fcr die Verarbeitung Verantwortliche erkl\u00e4rt, dass er die durch den Kunden angegebenen Daten nach dem Ablauf der oben genannten Zeitr\u00e4ume sowohl aus den digitalen als auch den papierbasierten Verzeichnissen l\u00f6scht.<\/p>\t\t\t\t\t\t\t\t<\/div>\n\t\t\t\t<\/div>\n\t\t\t\t<div class=\"elementor-element elementor-element-b982f82 elementor-widget elementor-widget-text-editor\" data-id=\"b982f82\" data-element_type=\"widget\" data-e-type=\"widget\" data-widget_type=\"text-editor.default\">\n\t\t\t\t<div class=\"elementor-widget-container\">\n\t\t\t\t\t\t\t\t\t<p>7. ANGABEN UND KONTAKTDATEN DES F\u00dcR DIE VERARBEITUNG VERANTWORTLICHEN<\/p>\t\t\t\t\t\t\t\t<\/div>\n\t\t\t\t<\/div>\n\t\t\t\t<div class=\"elementor-element elementor-element-1a44a042 elementor-widget elementor-widget-text-editor\" data-id=\"1a44a042\" data-element_type=\"widget\" data-e-type=\"widget\" data-widget_type=\"text-editor.default\">\n\t\t\t\t<div class=\"elementor-widget-container\">\n\t\t\t\t\t\t\t\t\t<p>F\u00fcr die Verarbeitung verantwortlich: Thury Dent Kft., vertreten durch:<\/p><p>Dr. Thury Vivien und Thury Attila Gesch\u00e4ftsf\u00fchrer<\/p><p>DIE WEBSEITE DES F\u00dcR DIE VERARBEITUNG VERANTWORTLICHEN: www.globedental.eu<\/p><p>DER VERARBEITUNGSZWECK: Vertragserf\u00fcllung (Behandlung, Konsultation), Kommunikation<\/p><p>DER RECHTSGRUNDLAGE DER VERARBEITUNG: Die Zustimmung der betroffenen Person.<\/p><p>DIE EMPF\u00c4NGER DER PERSONENBEZOGENEN DATEN: Die Mitarbeiter der Gesellschaft im Bereich Kundendienst.<\/p><p>DAUER DER SPEICHERUNG DER PERSONENBEZOGENEN DATEN:<\/p><p>Der durch die Rechtsvorschriften \u00fcber die Datenverarbeitung festgelegte Zeitraum, bzw. der Zeitraum, in dem die Datenverarbeitung aus der Sicht der Geltendmachung des berechtigten Interesses n\u00f6tig ist.<\/p>\t\t\t\t\t\t\t\t<\/div>\n\t\t\t\t<\/div>\n\t\t\t\t<div class=\"elementor-element elementor-element-1a508a29 elementor-widget elementor-widget-text-editor\" data-id=\"1a508a29\" data-element_type=\"widget\" data-e-type=\"widget\" data-widget_type=\"text-editor.default\">\n\t\t\t\t<div class=\"elementor-widget-container\">\n\t\t\t\t\t\t\t\t\t<p>8. RECHTSMITTELM\u00d6GLICHKEITEN<\/p>\t\t\t\t\t\t\t\t<\/div>\n\t\t\t\t<\/div>\n\t\t\t\t<div class=\"elementor-element elementor-element-ad6710 elementor-widget elementor-widget-text-editor\" data-id=\"ad6710\" data-element_type=\"widget\" data-e-type=\"widget\" data-widget_type=\"text-editor.default\">\n\t\t\t\t<div class=\"elementor-widget-container\">\n\t\t\t\t\t\t\t\t\t<p>Rechtsmittel oder Beschwerden k\u00f6nnen bei der Nationalen Beh\u00f6rde f\u00fcr Datenschutz und Informationsfreiheit [Nemzeti Adatv\u00e9delmi \u00e9s Inform\u00e1ci\u00f3szabads\u00e1g Hat\u00f3s\u00e1g] eingereicht werden:<br \/>Fax: +36 (1) 391-1410<br \/>http:\/\/www.naih.hu<br \/>E-Mail: ugyfelszolgalat@naih.hu<\/p>\t\t\t\t\t\t\t\t<\/div>\n\t\t\t\t<\/div>\n\t\t\t\t\t<\/div>\n\t\t<\/div>\n\t\t\t\t\t<\/div>\n\t\t<\/section>\n\t\t\t\t<\/div>\n\t\t","protected":false},"excerpt":{"rendered":"<p>DATENSCHUTZERKL\u00c4RUNG ALLGEMEINE BESTIMMUNGEN Zweck und Geltungsbereich der Datenschutzerkl\u00e4rung Der Zweck dieser Datenschutzerkl\u00e4rung besteht darin, die gesetzliche Ordnung der Funktionsweise der beim eine zahn\u00e4rztliche Versorgung gew\u00e4hrleistende Gesundheitsdienstleister gef\u00fchrten Verzeichnisse festzulegen, sowie die Verfassungsprinzipien des Datenschutzes und die Anforderungen der Datensicherheit durchzusetzen, und jeden unberechtigten Zugriff, jede \u00c4nderung und jede unbefugte Offenlegung der Daten zu verhindern. Der [&hellip;]<\/p>\n","protected":false},"author":1,"featured_media":0,"parent":0,"menu_order":0,"comment_status":"closed","ping_status":"closed","template":"","meta":{"footnotes":""},"class_list":["post-2080","page","type-page","status-publish","hentry"],"yoast_head":"<!-- This site is optimized with the Yoast SEO plugin v27.2 - https:\/\/yoast.com\/product\/yoast-seo-wordpress\/ -->\n<title>Datenschutzerkl\u00e4rung - Zahnklinik Globe Dental Ungarn<\/title>\n<meta name=\"robots\" content=\"index, follow, max-snippet:-1, max-image-preview:large, max-video-preview:-1\" \/>\n<link rel=\"canonical\" href=\"https:\/\/www.globedental.eu\/de\/datenschutzerklarung\/\" \/>\n<meta property=\"og:locale\" content=\"hu_HU\" \/>\n<meta property=\"og:type\" content=\"article\" \/>\n<meta property=\"og:title\" content=\"Datenschutzerkl\u00e4rung - Zahnklinik Globe Dental Ungarn\" \/>\n<meta property=\"og:description\" content=\"DATENSCHUTZERKL\u00c4RUNG ALLGEMEINE BESTIMMUNGEN Zweck und Geltungsbereich der Datenschutzerkl\u00e4rung Der Zweck dieser Datenschutzerkl\u00e4rung besteht darin, die gesetzliche Ordnung der Funktionsweise der beim eine zahn\u00e4rztliche Versorgung gew\u00e4hrleistende Gesundheitsdienstleister gef\u00fchrten Verzeichnisse festzulegen, sowie die Verfassungsprinzipien des Datenschutzes und die Anforderungen der Datensicherheit durchzusetzen, und jeden unberechtigten Zugriff, jede \u00c4nderung und jede unbefugte Offenlegung der Daten zu verhindern. Der [&hellip;]\" \/>\n<meta property=\"og:url\" content=\"https:\/\/www.globedental.eu\/de\/datenschutzerklarung\/\" \/>\n<meta property=\"og:site_name\" content=\"Zahnklinik Globe Dental Ungarn\" \/>\n<meta property=\"article:modified_time\" content=\"2021-07-15T13:53:40+00:00\" \/>\n<meta name=\"twitter:card\" content=\"summary_large_image\" \/>\n<meta name=\"twitter:label1\" content=\"Becs\u00fclt olvas\u00e1si id\u0151\" \/>\n\t<meta name=\"twitter:data1\" content=\"10 perc\" \/>\n<script type=\"application\/ld+json\" class=\"yoast-schema-graph\">{\"@context\":\"https:\/\/schema.org\",\"@graph\":[{\"@type\":\"WebPage\",\"@id\":\"https:\/\/www.globedental.eu\/de\/datenschutzerklarung\/\",\"url\":\"https:\/\/www.globedental.eu\/de\/datenschutzerklarung\/\",\"name\":\"Datenschutzerkl\u00e4rung - Zahnklinik Globe Dental Ungarn\",\"isPartOf\":{\"@id\":\"https:\/\/www.globedental.eu\/de\/#website\"},\"datePublished\":\"2020-01-21T09:58:43+00:00\",\"dateModified\":\"2021-07-15T13:53:40+00:00\",\"breadcrumb\":{\"@id\":\"https:\/\/www.globedental.eu\/de\/datenschutzerklarung\/#breadcrumb\"},\"inLanguage\":\"hu\",\"potentialAction\":[{\"@type\":\"ReadAction\",\"target\":[\"https:\/\/www.globedental.eu\/de\/datenschutzerklarung\/\"]}]},{\"@type\":\"BreadcrumbList\",\"@id\":\"https:\/\/www.globedental.eu\/de\/datenschutzerklarung\/#breadcrumb\",\"itemListElement\":[{\"@type\":\"ListItem\",\"position\":1,\"name\":\"Home\",\"item\":\"https:\/\/www.globedental.eu\/de\/\"},{\"@type\":\"ListItem\",\"position\":2,\"name\":\"Datenschutzerkl\u00e4rung\"}]},{\"@type\":\"WebSite\",\"@id\":\"https:\/\/www.globedental.eu\/de\/#website\",\"url\":\"https:\/\/www.globedental.eu\/de\/\",\"name\":\"Zahnklinik Globe Dental Ungarn\",\"description\":\"...egy \u00fajabb WordPress honlap...\",\"potentialAction\":[{\"@type\":\"SearchAction\",\"target\":{\"@type\":\"EntryPoint\",\"urlTemplate\":\"https:\/\/www.globedental.eu\/de\/?s={search_term_string}\"},\"query-input\":{\"@type\":\"PropertyValueSpecification\",\"valueRequired\":true,\"valueName\":\"search_term_string\"}}],\"inLanguage\":\"hu\"}]}<\/script>\n<!-- \/ Yoast SEO plugin. -->","yoast_head_json":{"title":"Datenschutzerkl\u00e4rung - Zahnklinik Globe Dental Ungarn","robots":{"index":"index","follow":"follow","max-snippet":"max-snippet:-1","max-image-preview":"max-image-preview:large","max-video-preview":"max-video-preview:-1"},"canonical":"https:\/\/www.globedental.eu\/de\/datenschutzerklarung\/","og_locale":"hu_HU","og_type":"article","og_title":"Datenschutzerkl\u00e4rung - Zahnklinik Globe Dental Ungarn","og_description":"DATENSCHUTZERKL\u00c4RUNG ALLGEMEINE BESTIMMUNGEN Zweck und Geltungsbereich der Datenschutzerkl\u00e4rung Der Zweck dieser Datenschutzerkl\u00e4rung besteht darin, die gesetzliche Ordnung der Funktionsweise der beim eine zahn\u00e4rztliche Versorgung gew\u00e4hrleistende Gesundheitsdienstleister gef\u00fchrten Verzeichnisse festzulegen, sowie die Verfassungsprinzipien des Datenschutzes und die Anforderungen der Datensicherheit durchzusetzen, und jeden unberechtigten Zugriff, jede \u00c4nderung und jede unbefugte Offenlegung der Daten zu verhindern. Der [&hellip;]","og_url":"https:\/\/www.globedental.eu\/de\/datenschutzerklarung\/","og_site_name":"Zahnklinik Globe Dental Ungarn","article_modified_time":"2021-07-15T13:53:40+00:00","twitter_card":"summary_large_image","twitter_misc":{"Becs\u00fclt olvas\u00e1si id\u0151":"10 perc"},"schema":{"@context":"https:\/\/schema.org","@graph":[{"@type":"WebPage","@id":"https:\/\/www.globedental.eu\/de\/datenschutzerklarung\/","url":"https:\/\/www.globedental.eu\/de\/datenschutzerklarung\/","name":"Datenschutzerkl\u00e4rung - Zahnklinik Globe Dental Ungarn","isPartOf":{"@id":"https:\/\/www.globedental.eu\/de\/#website"},"datePublished":"2020-01-21T09:58:43+00:00","dateModified":"2021-07-15T13:53:40+00:00","breadcrumb":{"@id":"https:\/\/www.globedental.eu\/de\/datenschutzerklarung\/#breadcrumb"},"inLanguage":"hu","potentialAction":[{"@type":"ReadAction","target":["https:\/\/www.globedental.eu\/de\/datenschutzerklarung\/"]}]},{"@type":"BreadcrumbList","@id":"https:\/\/www.globedental.eu\/de\/datenschutzerklarung\/#breadcrumb","itemListElement":[{"@type":"ListItem","position":1,"name":"Home","item":"https:\/\/www.globedental.eu\/de\/"},{"@type":"ListItem","position":2,"name":"Datenschutzerkl\u00e4rung"}]},{"@type":"WebSite","@id":"https:\/\/www.globedental.eu\/de\/#website","url":"https:\/\/www.globedental.eu\/de\/","name":"Zahnklinik Globe Dental Ungarn","description":"...egy \u00fajabb WordPress honlap...","potentialAction":[{"@type":"SearchAction","target":{"@type":"EntryPoint","urlTemplate":"https:\/\/www.globedental.eu\/de\/?s={search_term_string}"},"query-input":{"@type":"PropertyValueSpecification","valueRequired":true,"valueName":"search_term_string"}}],"inLanguage":"hu"}]}},"_links":{"self":[{"href":"https:\/\/www.globedental.eu\/de\/wp-json\/wp\/v2\/pages\/2080","targetHints":{"allow":["GET"]}}],"collection":[{"href":"https:\/\/www.globedental.eu\/de\/wp-json\/wp\/v2\/pages"}],"about":[{"href":"https:\/\/www.globedental.eu\/de\/wp-json\/wp\/v2\/types\/page"}],"author":[{"embeddable":true,"href":"https:\/\/www.globedental.eu\/de\/wp-json\/wp\/v2\/users\/1"}],"replies":[{"embeddable":true,"href":"https:\/\/www.globedental.eu\/de\/wp-json\/wp\/v2\/comments?post=2080"}],"version-history":[{"count":0,"href":"https:\/\/www.globedental.eu\/de\/wp-json\/wp\/v2\/pages\/2080\/revisions"}],"wp:attachment":[{"href":"https:\/\/www.globedental.eu\/de\/wp-json\/wp\/v2\/media?parent=2080"}],"curies":[{"name":"wp","href":"https:\/\/api.w.org\/{rel}","templated":true}]}}